{"id":2358,"date":"2020-02-25T12:32:43","date_gmt":"2020-02-25T12:32:43","guid":{"rendered":"http:\/\/espai-marx.net\/elsarbres\/?post_type=rcno_review&#038;p=2358"},"modified":"2020-06-01T16:56:32","modified_gmt":"2020-06-01T16:56:32","slug":"la-dialectica-un-debate-historico-ramon-valls-plana","status":"publish","type":"rcno_review","link":"https:\/\/espai-marx.net\/elsarbres\/review\/la-dialectica-un-debate-historico-ramon-valls-plana\/","title":{"rendered":"La dial\u00e9ctica un debate hist\u00f3rico &#8211; Ramon Valls Plana"},"content":{"rendered":"<p><a href=\"http:\/\/espai-marx.net\/elsarbres\/wp-content\/uploads\/2020\/02\/Valls_Plana_Ramon_La_Dialectica_Un_Debate_Historico.pdf\">Descarga (PDF)<\/a><\/p>\n<p>El concepto de dial\u00e9ctica ha experimentado a lo largo de la historia del pensamiento diversas connotaciones seg\u00fan fuera el sistema filos\u00f3fico dentro del cual ha operado. Sin embargo, es s\u00f3lo con el advenimiento del Idealismo alem\u00e1n cuando la dial\u00e9ctica experimenta su m\u00e1s rigurosa definici\u00f3n alcanzando su car\u00e1cter metodol\u00f3gico m\u00e1s pleno a trav\u00e9s de las obras de Fichte, Hegel y Kant. Posteriormente, y gracias a Marx y Engels, se inaugura un modo de instrumentali- zar el concepto logrando, por tanto, una nueva dimensi\u00f3n cient\u00edfica, sin que ello implique una recesi\u00f3n te\u00f3rica, sobre todo si se toman en consideraci\u00f3n las posteriores reflexiones sobre el tema, tal como lo demuestran los trabajos de la Escuela de Frankfurt y del fil\u00f3sofo franc\u00e9s Jean- Paul Sartre, entre otros.<\/p>\n","protected":false},"excerpt":{"rendered":"<p>Descarga (PDF) El concepto de dial\u00e9ctica ha experimentado a lo largo de la historia del pensamiento diversas connotaciones seg\u00fan fuera<\/p>\n","protected":false},"author":3,"featured_media":2359,"comment_status":"open","ping_status":"closed","template":"","categories":[128],"tags":[724],"rcno\/autores":[963],"rcno\/series":[],"rcno\/publishers":[],"class_list":["post-2358","rcno_review","type-rcno_review","status-publish","has-post-thumbnail","hentry","category-filosofia","tag-dialectica","rcno_autor-ramon-valls-plana"],"_links":{"self":[{"href":"https:\/\/espai-marx.net\/elsarbres\/wp-json\/wp\/v2\/rcno\/reviews\/2358","targetHints":{"allow":["GET"]}}],"collection":[{"href":"https:\/\/espai-marx.net\/elsarbres\/wp-json\/wp\/v2\/rcno\/reviews"}],"about":[{"href":"https:\/\/espai-marx.net\/elsarbres\/wp-json\/wp\/v2\/types\/rcno_review"}],"author":[{"embeddable":true,"href":"https:\/\/espai-marx.net\/elsarbres\/wp-json\/wp\/v2\/users\/3"}],"replies":[{"embeddable":true,"href":"https:\/\/espai-marx.net\/elsarbres\/wp-json\/wp\/v2\/comments?post=2358"}],"version-history":[{"count":2,"href":"https:\/\/espai-marx.net\/elsarbres\/wp-json\/wp\/v2\/rcno\/reviews\/2358\/revisions"}],"predecessor-version":[{"id":2362,"href":"https:\/\/espai-marx.net\/elsarbres\/wp-json\/wp\/v2\/rcno\/reviews\/2358\/revisions\/2362"}],"wp:featuredmedia":[{"embeddable":true,"href":"https:\/\/espai-marx.net\/elsarbres\/wp-json\/wp\/v2\/media\/2359"}],"wp:attachment":[{"href":"https:\/\/espai-marx.net\/elsarbres\/wp-json\/wp\/v2\/media?parent=2358"}],"wp:term":[{"taxonomy":"category","embeddable":true,"href":"https:\/\/espai-marx.net\/elsarbres\/wp-json\/wp\/v2\/categories?post=2358"},{"taxonomy":"post_tag","embeddable":true,"href":"https:\/\/espai-marx.net\/elsarbres\/wp-json\/wp\/v2\/tags?post=2358"},{"taxonomy":"rcno_autor","embeddable":true,"href":"https:\/\/espai-marx.net\/elsarbres\/wp-json\/wp\/v2\/rcno\/autores?post=2358"},{"taxonomy":"rcno_series","embeddable":true,"href":"https:\/\/espai-marx.net\/elsarbres\/wp-json\/wp\/v2\/rcno\/series?post=2358"},{"taxonomy":"rcno_publisher","embeddable":true,"href":"https:\/\/espai-marx.net\/elsarbres\/wp-json\/wp\/v2\/rcno\/publishers?post=2358"}],"curies":[{"name":"wp","href":"https:\/\/api.w.org\/{rel}","templated":true}]}}