{"id":2592,"date":"2020-05-25T08:21:00","date_gmt":"2020-05-25T08:21:00","guid":{"rendered":"http:\/\/espai-marx.net\/elsarbres\/?post_type=rcno_review&#038;p=2592"},"modified":"2020-06-01T16:03:13","modified_gmt":"2020-06-01T16:03:13","slug":"bolivar-echeverria-trascendencia-e-impacto-para-america-latina-en-el-siglo-xxi-vvaa","status":"publish","type":"rcno_review","link":"https:\/\/espai-marx.net\/elsarbres\/review\/bolivar-echeverria-trascendencia-e-impacto-para-america-latina-en-el-siglo-xxi-vvaa\/","title":{"rendered":"Bol\u00edvar Echeverr\u00eda: trascendencia e impacto para Am\u00e9rica Latina en el siglo XXI &#8211; VVAA"},"content":{"rendered":"<p><a href=\"http:\/\/espai-marx.net\/elsarbres\/wp-content\/uploads\/2020\/05\/Bolivar_Echeverria._Trascendencia_e_impa.pdf\">Descargar (PDF)<\/a><\/p>\n<p style=\"font-weight: 400;\">\u00abSartre dec\u00eda que la muerte es una \u201cviolencia indebida\u201d, una violencia que no deber\u00eda ser porque la vida anhela infinitud. Y cuando un ser humano elige hacer de su vida una existencia que lo lleva a ser cada vez m\u00e1s de s\u00ed mismo y crea una obra que se vuelve un legado, se siente m\u00e1s a\u00fan esa verdad. En este sentido, es imprescindible darle vuelta a la muerte y hacer valer la trascendencia. En un proyecto de ese orden, sin duda, la mejor manera de rendirle homenaje a Bol\u00edvar Echeverr\u00eda residir\u00eda en dar cuenta de la trascendencia e impacto de su obra para la Am\u00e9rica Latina del siglo XXI.<\/p>\n<p style=\"font-weight: 400;\">Bol\u00edvar Echeverr\u00eda naci\u00f3 el 31 de enero de 1941, en Riobamba, aqu\u00ed en Ecuador. Pero eligi\u00f3 absorber esa pertenencia contingente desde una toma de posici\u00f3n cosmopolita, como sujeto ante el mundo, que no hizo m\u00e1s que constituir y robustecer su identidad como latinoamericano y suscitar la emergencia de una de las perspectivas m\u00e1s avanzadas para descifrar la modernidad y la mundializaci\u00f3n en nuestra era.\u00bb<\/p>\n","protected":false},"excerpt":{"rendered":"<p>Descargar (PDF) \u00abSartre dec\u00eda que la muerte es una \u201cviolencia indebida\u201d, una violencia que no deber\u00eda ser porque la vida<\/p>\n","protected":false},"author":3,"featured_media":2594,"comment_status":"open","ping_status":"closed","template":"","categories":[251,128],"tags":[213,937,912],"rcno\/autores":[928],"rcno\/series":[],"rcno\/publishers":[],"class_list":["post-2592","rcno_review","type-rcno_review","status-publish","has-post-thumbnail","hentry","category-cultura","category-filosofia","tag-america-latina","tag-bolivar-echeverria","tag-ethos-barroco","rcno_autor-bolivar-echeverria"],"_links":{"self":[{"href":"https:\/\/espai-marx.net\/elsarbres\/wp-json\/wp\/v2\/rcno\/reviews\/2592","targetHints":{"allow":["GET"]}}],"collection":[{"href":"https:\/\/espai-marx.net\/elsarbres\/wp-json\/wp\/v2\/rcno\/reviews"}],"about":[{"href":"https:\/\/espai-marx.net\/elsarbres\/wp-json\/wp\/v2\/types\/rcno_review"}],"author":[{"embeddable":true,"href":"https:\/\/espai-marx.net\/elsarbres\/wp-json\/wp\/v2\/users\/3"}],"replies":[{"embeddable":true,"href":"https:\/\/espai-marx.net\/elsarbres\/wp-json\/wp\/v2\/comments?post=2592"}],"version-history":[{"count":1,"href":"https:\/\/espai-marx.net\/elsarbres\/wp-json\/wp\/v2\/rcno\/reviews\/2592\/revisions"}],"predecessor-version":[{"id":2595,"href":"https:\/\/espai-marx.net\/elsarbres\/wp-json\/wp\/v2\/rcno\/reviews\/2592\/revisions\/2595"}],"wp:featuredmedia":[{"embeddable":true,"href":"https:\/\/espai-marx.net\/elsarbres\/wp-json\/wp\/v2\/media\/2594"}],"wp:attachment":[{"href":"https:\/\/espai-marx.net\/elsarbres\/wp-json\/wp\/v2\/media?parent=2592"}],"wp:term":[{"taxonomy":"category","embeddable":true,"href":"https:\/\/espai-marx.net\/elsarbres\/wp-json\/wp\/v2\/categories?post=2592"},{"taxonomy":"post_tag","embeddable":true,"href":"https:\/\/espai-marx.net\/elsarbres\/wp-json\/wp\/v2\/tags?post=2592"},{"taxonomy":"rcno_autor","embeddable":true,"href":"https:\/\/espai-marx.net\/elsarbres\/wp-json\/wp\/v2\/rcno\/autores?post=2592"},{"taxonomy":"rcno_series","embeddable":true,"href":"https:\/\/espai-marx.net\/elsarbres\/wp-json\/wp\/v2\/rcno\/series?post=2592"},{"taxonomy":"rcno_publisher","embeddable":true,"href":"https:\/\/espai-marx.net\/elsarbres\/wp-json\/wp\/v2\/rcno\/publishers?post=2592"}],"curies":[{"name":"wp","href":"https:\/\/api.w.org\/{rel}","templated":true}]}}