{"id":76,"date":"2019-12-28T18:41:31","date_gmt":"2019-12-28T18:41:31","guid":{"rendered":"http:\/\/espai-marx.net\/elsarbres\/?post_type=rcno_review&#038;p=76"},"modified":"2020-06-05T09:35:07","modified_gmt":"2020-06-05T09:35:07","slug":"historia-del-primero-de-mayo-maurice-dommanget","status":"publish","type":"rcno_review","link":"https:\/\/espai-marx.net\/elsarbres\/review\/historia-del-primero-de-mayo-maurice-dommanget\/","title":{"rendered":"Historia del Primero de Mayo &#8211; Maurice Dommanget"},"content":{"rendered":"<p><a href=\"http:\/\/espai-marx.net\/elsarbres\/wp-content\/uploads\/2019\/12\/H_1_Mayo1.pdf\">Descarga (PDF)<\/a><\/p>\n<p>\u00abMe propuse escribir como si se tratara de una vida la biograf\u00eda de esta \u00abpersona\u00bb que es el 1\u00ba de Mayo. Y ya que est\u00e1 \u00edntimamente ligada a los \u00abtres ochos\u00bb, a la huelga general, al internacionalismo proletario y a la fiesta del Trabajo, no conven\u00eda extraviarse, teniendo cada una de estas nociones su historia particular que precede a veces muy de lejos a la historia del 1\u00ba de Mayo propiamente dicho. O, m\u00e1s bien, hab\u00eda que hablar de ellas solamente en la medida en que el tema lo exig\u00eda. Por otra parte, estableciendo la filiaci\u00f3n hab\u00eda de delimitar bien el 1\u00ba de Mayo de incubaci\u00f3n inmediata, el 1\u00ba de Mayo nacional americano, y el 1\u00ba de Mayo internacional, el verdadero 1\u00ba de Mayo, cuyo nacimiento real data del 21 de julio de 1839. Por fin, hab\u00eda que discernir y separar de entre la diversidad de acontecimientos y peripecias, e incluso de latitudes, el sentido profundo de la direcci\u00f3n de conjunto.<br \/>\nEl 1\u00ba de Mayo viene del fondo de nuestra \u00e9poca. Pero, como todos los grandes fen\u00f3menos y movimientos sociales que emergen en la historia, estuvo precedido por utop\u00edas y fen\u00f3menos m\u00e1s modestos que lo anunciaron. Se los encontrar\u00e1 aqu\u00ed reproducidos. No hacen m\u00e1s que confirmar con fuerza su origen colectivo al salvar del olvido algunas tentativas y unos cuantos nombres.\u00bb (Introducci\u00f3n del autor)<\/p>\n","protected":false},"excerpt":{"rendered":"<p>Descarga (PDF) \u00abMe propuse escribir como si se tratara de una vida la biograf\u00eda de esta \u00abpersona\u00bb que es el<\/p>\n","protected":false},"author":3,"featured_media":78,"comment_status":"open","ping_status":"closed","template":"","categories":[13,14],"tags":[56],"rcno\/autores":[1106],"rcno\/series":[],"rcno\/publishers":[],"class_list":["post-76","rcno_review","type-rcno_review","status-publish","has-post-thumbnail","hentry","category-historia","category-politica","tag-1o-de-mayo","rcno_autor-maurice-dommanget"],"_links":{"self":[{"href":"https:\/\/espai-marx.net\/elsarbres\/wp-json\/wp\/v2\/rcno\/reviews\/76","targetHints":{"allow":["GET"]}}],"collection":[{"href":"https:\/\/espai-marx.net\/elsarbres\/wp-json\/wp\/v2\/rcno\/reviews"}],"about":[{"href":"https:\/\/espai-marx.net\/elsarbres\/wp-json\/wp\/v2\/types\/rcno_review"}],"author":[{"embeddable":true,"href":"https:\/\/espai-marx.net\/elsarbres\/wp-json\/wp\/v2\/users\/3"}],"replies":[{"embeddable":true,"href":"https:\/\/espai-marx.net\/elsarbres\/wp-json\/wp\/v2\/comments?post=76"}],"version-history":[{"count":1,"href":"https:\/\/espai-marx.net\/elsarbres\/wp-json\/wp\/v2\/rcno\/reviews\/76\/revisions"}],"predecessor-version":[{"id":79,"href":"https:\/\/espai-marx.net\/elsarbres\/wp-json\/wp\/v2\/rcno\/reviews\/76\/revisions\/79"}],"wp:featuredmedia":[{"embeddable":true,"href":"https:\/\/espai-marx.net\/elsarbres\/wp-json\/wp\/v2\/media\/78"}],"wp:attachment":[{"href":"https:\/\/espai-marx.net\/elsarbres\/wp-json\/wp\/v2\/media?parent=76"}],"wp:term":[{"taxonomy":"category","embeddable":true,"href":"https:\/\/espai-marx.net\/elsarbres\/wp-json\/wp\/v2\/categories?post=76"},{"taxonomy":"post_tag","embeddable":true,"href":"https:\/\/espai-marx.net\/elsarbres\/wp-json\/wp\/v2\/tags?post=76"},{"taxonomy":"rcno_autor","embeddable":true,"href":"https:\/\/espai-marx.net\/elsarbres\/wp-json\/wp\/v2\/rcno\/autores?post=76"},{"taxonomy":"rcno_series","embeddable":true,"href":"https:\/\/espai-marx.net\/elsarbres\/wp-json\/wp\/v2\/rcno\/series?post=76"},{"taxonomy":"rcno_publisher","embeddable":true,"href":"https:\/\/espai-marx.net\/elsarbres\/wp-json\/wp\/v2\/rcno\/publishers?post=76"}],"curies":[{"name":"wp","href":"https:\/\/api.w.org\/{rel}","templated":true}]}}