{"id":1219,"date":"2025-01-13T18:56:48","date_gmt":"2025-01-13T18:56:48","guid":{"rendered":"https:\/\/espai-marx.net\/sacristan\/?page_id=1219"},"modified":"2026-02-02T17:32:44","modified_gmt":"2026-02-02T16:32:44","slug":"textos","status":"publish","type":"page","link":"https:\/\/espai-marx.net\/sacristan\/?page_id=1219","title":{"rendered":"Textos"},"content":{"rendered":"<p>En esta secci\u00f3n, que se ir\u00e1 actualizando semanalmente, se publicar\u00e1n textos de Manuel Sacrist\u00e1n, la mayor\u00eda de ellos de dif\u00edcil acceso o incluso de car\u00e1cter in\u00e9dito.<\/p>\n<p>En la secci\u00f3n \u00abBlog\u00bb podr\u00e1n encontrarse las entradas semanalmente.<\/p>\n<p>A continuaci\u00f3n ofrecemos un \u00edndice que se ir\u00e1 actualizando para facilitar su consulta al lector.<\/p>\n<p>SELECCI\u00d3N DE TEXTOS SOBRE MANUEL SACRIST\u00c1N:<\/p>\n<ol>\n<li><a href=\"https:\/\/espai-marx.net\/sacristan\/?p=1229\"> Manuel Sacrist\u00e1n en la historia de las ideas<\/a> &#8211; Francisco Fern\u00e1ndez Buey.<\/li>\n<li><a href=\"https:\/\/espai-marx.net\/sacristan\/?p=1761\"> Francisco Fern\u00e1ndez Buey sobre Manuel Sacrist\u00e1n Luz\u00f3n<\/a><\/li>\n<li><a href=\"https:\/\/espai-marx.net\/sacristan\/?p=1233\">Dial\u00e9ctica sin dogma<\/a> &#8211; Miguel Candel.<\/li>\n<li><a href=\"https:\/\/espai-marx.net\/sacristan\/?p=1227\">La filosof\u00eda como modo de vida<\/a> &#8211; Joaqu\u00edn Miras Albarr\u00e1n.<\/li>\n<li><a href=\"https:\/\/espai-marx.net\/sacristan\/?p=1225\">Introducci\u00f3n biobibliogr\u00e1fica a Manuel Sacrist\u00e1n<\/a> &#8211; Jos\u00e9 Sarri\u00f3n Andaluz.<\/li>\n<li><a href=\"https:\/\/espai-marx.net\/sacristan\/?p=1321\">Manuel Sacrist\u00e1n: una semblanza personal, intelectual y pol\u00edtica<\/a> &#8211; por Joaquim Sempere<\/li>\n<li><a href=\"https:\/\/espai-marx.net\/sacristan\/?p=1374\">Noticia y recuerdo de Manuel Sacrist\u00e1n<\/a> &#8211; por Alfons Barcel\u00f3<\/li>\n<li><a href=\"https:\/\/espai-marx.net\/sacristan\/?p=1771\">\u00bfQu\u00e9 queda de la obra y praxis de Manuel Sacrist\u00e1n Luz\u00f3n en el primer centenario de su nacimiento?<\/a> &#8211; por Salvador L\u00f3pez Arnal<\/li>\n<li><a href=\"https:\/\/espai-marx.net\/sacristan\/?p=1846\">Sobre el racionalismo documentado y bien temperado de Manuel Sacrist\u00e1n (A prop\u00f3sito de los teoremas de limitaci\u00f3n de Kurt G\u00f6del)<\/a> &#8211; Por Salvador L\u00f3pez Arnal.<\/li>\n<\/ol>\n<p>SELECCI\u00d3N DE TEXTOS DE MANUEL SACRIST\u00c1N:<\/p>\n<ol>\n<li><a href=\"https:\/\/espai-marx.net\/sacristan\/?p=1212\">Textos de la etapa de la revista <em>Qvadrante<\/em><\/a>.<\/li>\n<li><a href=\"https:\/\/espai-marx.net\/sacristan\/?p=1216\">Textos en torno a Simone Weil<\/a>.<\/li>\n<li><a href=\"https:\/\/espai-marx.net\/sacristan\/?p=1253\">Textos de la revista Laye<\/a>.<\/li>\n<li><a href=\"https:\/\/espai-marx.net\/sacristan\/?p=1288\">Textos sobre Ortega y Gasset<\/a>.<\/li>\n<li><a href=\"https:\/\/espai-marx.net\/sacristan\/?p=1312\">Textos para la Enciclopedia Pol\u00edtica Argos<\/a>.<\/li>\n<li><a href=\"https:\/\/espai-marx.net\/sacristan\/?p=1332\">Textos sobre Kant.<\/a><\/li>\n<li><a href=\"https:\/\/espai-marx.net\/sacristan\/?p=1346\">Escritos de cr\u00edtica teatral (m\u00e1s la obra de teatro \u00abEl Pasillo\u00bb, escrita por Sacrist\u00e1n).<\/a><\/li>\n<li><a href=\"https:\/\/espai-marx.net\/sacristan\/?p=1359\">Presentaciones, pr\u00f3logos, solapas y cartas editoriales<\/a>.<\/li>\n<li><a href=\"https:\/\/espai-marx.net\/sacristan\/?p=1367\">Sobre el <em>Ars Magna<\/em> de Ramon Llull y otros textos de l\u00f3gica<\/a>.<\/li>\n<li><a href=\"https:\/\/espai-marx.net\/sacristan\/?p=1383\">Textos sobre filosof\u00eda griega<\/a>.<\/li>\n<li><a href=\"https:\/\/espai-marx.net\/sacristan\/?p=1414\">Cartas con Josep M.\u00aa Castellet y Juan Carlos Garc\u00eda Borr\u00f3n<\/a>.<\/li>\n<li><a href=\"https:\/\/espai-marx.net\/sacristan\/?p=1483\"><em>Textos sobre el l\u00f3gico alem\u00e1n Heinrich Sholz<\/em><\/a>.<\/li>\n<li><a href=\"https:\/\/espai-marx.net\/sacristan\/?p=1480\">Textos en revistas comunistas clandestinas: <em>Quaderns de cultura catalana<\/em>, <em>Veritat<\/em>, <em>Horitzons<\/em>, <em>Nous Horitzons<\/em>, <em>Nuestras Ideas<\/em>, <em>Realidad<\/em> y <em>Nous Horitzons.<\/em><\/a><\/li>\n<li><a href=\"https:\/\/espai-marx.net\/sacristan\/?p=1477\">En torno al <i><em>Manifiesto Comunista<\/em><\/i><\/a><\/li>\n<li><a href=\"https:\/\/espai-marx.net\/sacristan\/?p=1469\">Primeras lecciones de \u00abFundamentos de Filosof\u00eda\u00bb, la asignatura que imparti\u00f3 en las Facultades de Filosof\u00eda y Econ\u00f3micas de los a\u00f1os cincuenta y sesenta.<\/a><\/li>\n<li><a href=\"https:\/\/espai-marx.net\/sacristan\/?p=1486\">Textos sobre Heidegger<\/a>.<\/li>\n<li><a href=\"https:\/\/espai-marx.net\/sacristan\/?p=1519\">Textos sobre Quine<\/a>.<\/li>\n<li><a href=\"https:\/\/espai-marx.net\/sacristan\/?p=1579\">Algunas Conferencias de los a\u00f1os 60 (1959-1967)<\/a>.<\/li>\n<li><a href=\"https:\/\/espai-marx.net\/sacristan\/?p=1599\">Sobre Goethe y Heine<\/a>.<\/li>\n<li><a href=\"https:\/\/espai-marx.net\/sacristan\/?p=1682\">Textos sobre est\u00e9tica<\/a>.<\/li>\n<li><a href=\"https:\/\/espai-marx.net\/sacristan\/?p=1694\">Sobre el marxismo como concepci\u00f3n del mundo<\/a>.<\/li>\n<li><a href=\"https:\/\/espai-marx.net\/sacristan\/?p=1698\">Sobre Bertrand Russell<\/a>.<\/li>\n<li><a href=\"https:\/\/espai-marx.net\/sacristan\/?p=1700\">Sobre Friedrich Engels<\/a>.<\/li>\n<li><a href=\"https:\/\/espai-marx.net\/sacristan\/?p=1705\">Textos sobre la Universidad<\/a><\/li>\n<li><a href=\"https:\/\/espai-marx.net\/sacristan\/?p=1711\">Sobre Hegel y el idealismo alem\u00e1n<\/a><\/li>\n<li><a href=\"https:\/\/espai-marx.net\/sacristan\/?p=1716\">Textos sobre racionalismo, irracionalismo y tem\u00e1ticas afines<\/a>.<\/li>\n<li><a href=\"https:\/\/espai-marx.net\/sacristan\/?p=1721\">Sobre Mayo del 68 y la Primavera de Praga<\/a>.<\/li>\n<li><a href=\"https:\/\/espai-marx.net\/sacristan\/?p=1726\">Voces y a\u00f1adidos a la traducci\u00f3n castellana del Diccionario de Filosof\u00eda editado por Dagobert D. Runes<\/a><\/li>\n<li><a href=\"https:\/\/espai-marx.net\/sacristan\/?p=1736\">Textos sobre ciencia, ideolog\u00eda, metodolog\u00eda y compromiso pol\u00edtico.<\/a><\/li>\n<li><a href=\"https:\/\/espai-marx.net\/sacristan\/?p=1835\">Textos sobre <em>El Capital<\/em>.<\/a><\/li>\n<li><a href=\"https:\/\/espai-marx.net\/sacristan\/?p=1857\">Textos sobre Karl Marx<\/a>.<\/li>\n<li><a href=\"https:\/\/espai-marx.net\/sacristan\/?p=1897\">Sobre autores y ensayos de la tradici\u00f3n marxista (y filosof\u00edas afines)<\/a><\/li>\n<li><a href=\"https:\/\/espai-marx.net\/sacristan\/?p=1899\">Sobre la dial\u00e9ctica<\/a>.<\/li>\n<li><a href=\"https:\/\/espai-marx.net\/sacristan\/?p=1902\">Reflexiones sobre la filosof\u00eda y el filosofar<\/a>.<\/li>\n<li><a href=\"https:\/\/espai-marx.net\/sacristan\/?p=1970\">Sobre Luk\u00e1cs<\/a>.<\/li>\n<li>[&#8230;]<\/li>\n<\/ol>\n<p>SELECCI\u00d3N DE ENTREVISTAS SOBRE MANUEL SACRIST\u00c1N<\/p>\n<ol>\n<li><a href=\"https:\/\/espai-marx.net\/sacristan\/?p=1533\">Entrevista a Ariel Petruccelli<\/a><br \/>\n<!-- Fuente: Espai Marx :contentReference[oaicite:0]{index=0} --><\/li>\n<li><a href=\"https:\/\/espai-marx.net\/sacristan\/?p=1536\">Entrevista a Montserrat Galcer\u00e1n Huguet <\/a><br \/>\n<!-- Fuente: Espai Marx :contentReference[oaicite:1]{index=1} --><\/li>\n<li><a href=\"https:\/\/espai-marx.net\/sacristan\/?p=1539\">Entrevista a Jordi Mir Garcia<\/a><br \/>\n<!-- Fuente: Espai Marx :contentReference[oaicite:2]{index=2} --><\/li>\n<li><a href=\"https:\/\/espai-marx.net\/sacristan\/?p=1708\">Entrevista a Alicia Dur\u00e1n<\/a><\/li>\n<li><a href=\"https:\/\/espai-marx.net\/sacristan\/?p=1685\">Entrevista a Miguel Candel<\/a><\/li>\n<li><a href=\"https:\/\/espai-marx.net\/sacristan\/?p=1526\">Entrevista a I\u00f1aki V\u00e1zquez \u00c1lvarez\u00a0<\/a><br \/>\n<!-- Fuente: Espai Marx :contentReference[oaicite:3]{index=3} --><\/li>\n<li><a href=\"https:\/\/espai-marx.net\/sacristan\/?p=1529\">\u00abSacrist\u00e1n defendi\u00f3 una pol\u00edtica de la ciencia no desarrollista como punto esencial del proyecto socialista\u00bb<\/a><br \/>\n\u2014 Salvador L\u00f3pez Arnal y Jos\u00e9 Sarri\u00f3n Andaluz<br \/>\n<!-- Fuente: Espai Marx :contentReference[oaicite:4]{index=4} --><\/li>\n<li><a href=\"https:\/\/espai-marx.net\/sacristan\/?p=1678\">Entrevista a Enrique Alonso Gonz\u00e1lez\u00a0<\/a><\/li>\n<li><a href=\"https:\/\/espai-marx.net\/sacristan\/?p=1731\">Entrevista a Lloren\u00e7 Sagal\u00e9s<\/a><\/li>\n<li><a href=\"https:\/\/espai-marx.net\/sacristan\/?p=1696\">Entrevista a Andreu Llabina<\/a><\/li>\n<li><a href=\"https:\/\/espai-marx.net\/sacristan\/?p=1702\">Entrevista a V\u00edctor M\u00e9ndez Baiges<\/a><\/li>\n<li><a href=\"https:\/\/espai-marx.net\/sacristan\/?p=1713\">Entrevista a Ernesto Castro<\/a><\/li>\n<li><a href=\"https:\/\/espai-marx.net\/sacristan\/?p=1718\">Entrevista a Juan Dal Maso<\/a><\/li>\n<li><a href=\"https:\/\/espai-marx.net\/sacristan\/?p=1723\">Entrevista a Antonio Navas<\/a><\/li>\n<li>[&#8230;]<\/li>\n<\/ol>\n","protected":false},"excerpt":{"rendered":"<p>En esta secci\u00f3n, que se ir\u00e1 actualizando semanalmente, se publicar\u00e1n textos de Manuel Sacrist\u00e1n, la mayor\u00eda de ellos de dif\u00edcil<\/p>\n","protected":false},"author":4,"featured_media":0,"parent":0,"menu_order":0,"comment_status":"closed","ping_status":"closed","template":"","meta":{"footnotes":""},"class_list":["post-1219","page","type-page","status-publish","hentry"],"_links":{"self":[{"href":"https:\/\/espai-marx.net\/sacristan\/index.php?rest_route=\/wp\/v2\/pages\/1219","targetHints":{"allow":["GET"]}}],"collection":[{"href":"https:\/\/espai-marx.net\/sacristan\/index.php?rest_route=\/wp\/v2\/pages"}],"about":[{"href":"https:\/\/espai-marx.net\/sacristan\/index.php?rest_route=\/wp\/v2\/types\/page"}],"author":[{"embeddable":true,"href":"https:\/\/espai-marx.net\/sacristan\/index.php?rest_route=\/wp\/v2\/users\/4"}],"replies":[{"embeddable":true,"href":"https:\/\/espai-marx.net\/sacristan\/index.php?rest_route=%2Fwp%2Fv2%2Fcomments&post=1219"}],"version-history":[{"count":34,"href":"https:\/\/espai-marx.net\/sacristan\/index.php?rest_route=\/wp\/v2\/pages\/1219\/revisions"}],"predecessor-version":[{"id":1972,"href":"https:\/\/espai-marx.net\/sacristan\/index.php?rest_route=\/wp\/v2\/pages\/1219\/revisions\/1972"}],"wp:attachment":[{"href":"https:\/\/espai-marx.net\/sacristan\/index.php?rest_route=%2Fwp%2Fv2%2Fmedia&parent=1219"}],"curies":[{"name":"wp","href":"https:\/\/api.w.org\/{rel}","templated":true}]}}