{"id":22,"date":"2024-07-05T08:43:26","date_gmt":"2024-07-05T08:43:26","guid":{"rendered":"https:\/\/espai-marx.net\/sacristan\/?page_id=22"},"modified":"2025-01-14T19:14:47","modified_gmt":"2025-01-14T19:14:47","slug":"sobre-manuel-sacristan","status":"publish","type":"page","link":"https:\/\/espai-marx.net\/sacristan\/?page_id=22","title":{"rendered":"Sobre Manuel Sacrist\u00e1n"},"content":{"rendered":"\r\n<h3 class=\"wp-block-heading\">\u00a0<\/h3>\r\n\r\n\r\n\r\n<p>Manuel Sacrist\u00e1n Luz\u00f3n (1925-1985) fue un fil\u00f3sofo, traductor y pensador marxista espa\u00f1ol, considerado una de las figuras m\u00e1s influyentes de la izquierda hispanohablante del siglo XX. Su vida y obra abarcaron diversos campos del saber, incluyendo la l\u00f3gica, la filosof\u00eda de la ciencia, la traducci\u00f3n y la militancia pol\u00edtica. Nacido en Madrid, su trayectoria se caracteriz\u00f3 por un inquebrantable compromiso con la causa comunista y ecologista, en un contexto marcado por la dictadura franquista.<\/p>\r\n\r\n\r\n\r\n<p>&nbsp;<\/p>\r\n\r\n\r\n\r\n<h4 class=\"wp-block-heading\">Primeros A\u00f1os y Formaci\u00f3n<\/h4>\r\n\r\n\r\n\r\n<p>Sacrist\u00e1n naci\u00f3 en una familia de clase media en Madrid y se vincul\u00f3 tempranamente a la Falange, de la cual se distanci\u00f3 durante sus estudios universitarios en Derecho y Filosof\u00eda en la Universidad de Madrid. All\u00ed, particip\u00f3 en revistas culturales como <em>Estilo<\/em> y <em>Qvadrante<\/em>, donde comenz\u00f3 a desarrollar su pensamiento cr\u00edtico. Esta etapa culmin\u00f3 con una beca para estudiar en el Instituto de L\u00f3gica Matem\u00e1tica de la Universidad de M\u00fcnster bajo la direcci\u00f3n de Heinrich Scholz, donde profundiz\u00f3 en la l\u00f3gica y la filosof\u00eda.<\/p>\r\n\r\n\r\n\r\n<p>&nbsp;<\/p>\r\n\r\n\r\n\r\n<h4 class=\"wp-block-heading\">Trayectoria Acad\u00e9mica e Intelectual<\/h4>\r\n\r\n\r\n\r\n<p>A su regreso a Espa\u00f1a en 1956, Sacrist\u00e1n tuvo un papel fundamental en la introducci\u00f3n de la l\u00f3gica contempor\u00e1nea en el pa\u00eds, destac\u00e1ndose con la publicaci\u00f3n de <em>Introducci\u00f3n a la L\u00f3gica y el An\u00e1lisis Formal <\/em>en 1964. A pesar de ser expulsado de la Universidad de Barcelona en 1965 debido a su compromiso pol\u00edtico, continu\u00f3 su labor intelectual a trav\u00e9s de traducciones y escritos. Tradujo m\u00e1s de noventa obras, incluyendo textos clave del marxismo y la filosof\u00eda de la ciencia, como <em>El Capital<\/em> de Karl Marx, <em>Historia y conciencia de clase<\/em> de Georg Luk\u00e1cs y \u00abAnti-D\u00fchring\u00bb de Friedrich Engels. Su <em>Antolog\u00eda<\/em> de Gramsci sigue siendo una obra de referencia indispensable.<\/p>\r\n\r\n\r\n\r\n<p>&nbsp;<\/p>\r\n\r\n\r\n\r\n<h4 class=\"wp-block-heading\">Militancia Pol\u00edtica y Represi\u00f3n<\/h4>\r\n\r\n\r\n\r\n<p>Desde mediados de los a\u00f1os 50, Sacrist\u00e1n fue un activo militante y dirigente del Partido Comunista de Espa\u00f1a (PCE) y del Partido Socialista Unificado de Catalu\u00f1a (PSUC). Su activismo incluy\u00f3 la creaci\u00f3n de la primera c\u00e9lula del PSUC en la Universidad de Barcelona y la fundaci\u00f3n del Sindicato Democr\u00e1tico de Estudiantes de la Universidad de Barcelona (SDEUB). La represi\u00f3n franquista lo oblig\u00f3 a vivir en la clandestinidad y a ganarse la vida como traductor, lo que limit\u00f3 su carrera acad\u00e9mica pero no su compromiso con la lucha pol\u00edtica.<\/p>\r\n\r\n\r\n\r\n<p>Sacrist\u00e1n fue un cr\u00edtico temprano de las pol\u00edticas del bloque sovi\u00e9tico, condenando la invasi\u00f3n de Checoslovaquia en 1968.<\/p>\r\n\r\n\r\n\r\n<p>&nbsp;<\/p>\r\n\r\n\r\n\r\n<h4 class=\"wp-block-heading\">Aportaciones Intelectuales y Legado<\/h4>\r\n\r\n\r\n\r\n<p>La obra de Sacrist\u00e1n se caracteriza por su fragmentariedad, resultado de una vida acad\u00e9mica interrumpida por la represi\u00f3n y la necesidad de mantenerse activo en la lucha pol\u00edtica. Public\u00f3 pocos libros, pero sus numerosos textos breves, art\u00edculos y pr\u00f3logos reflejan una profunda reflexi\u00f3n filos\u00f3fica y un compromiso \u00e9tico-pol\u00edtico inquebrantable. Su influencia se extendi\u00f3 a trav\u00e9s de sus traducciones y su ense\u00f1anza, impactando a generaciones de estudiantes y militantes.<\/p>\r\n\r\n\r\n\r\n<p>Sacrist\u00e1n tambi\u00e9n fue un pionero en el an\u00e1lisis de los problemas ecol\u00f3gicos desde una perspectiva marxista. Fue una de las primeras voces en integrar la ecolog\u00eda en el pensamiento marxista, adelant\u00e1ndose a su tiempo.<\/p>\r\n<p>&nbsp;<\/p>\r\n\r\n\r\n\r\n\r\n\r\n<h4 class=\"wp-block-heading\">Reconocimiento y Homenajes<\/h4>\r\n\r\n\r\n\r\n<p>Manuel Sacrist\u00e1n falleci\u00f3 en 1985, dejando un legado que sigue influyendo en el pensamiento cr\u00edtico y la militancia de izquierda. En 2025, se celebrar\u00e1 el centenario de su nacimiento, una oportunidad para rendir homenaje a su vida y obra. Su compromiso con la justicia social, su rigor intelectual y su capacidad para integrar diversas disciplinas lo convierten en una figura emblem\u00e1tica de la filosof\u00eda y la pol\u00edtica contempor\u00e1nea.<\/p>\r\n\r\n\r\n\r\n<p>Sacrist\u00e1n fue un pensador polifac\u00e9tico y comprometido, cuya obra contin\u00faa siendo relevante en el debate filos\u00f3fico y pol\u00edtico contempor\u00e1neo. Su legado sigue vivo a trav\u00e9s de sus escritos, traducciones y el impacto que tuvo en generaciones de estudiantes y militantes, inspirando a nuevos pensadores a continuar la lucha por una sociedad m\u00e1s justa y sostenible.<\/p>\r\n<p>&nbsp;<\/p>\r\n<p><strong>M\u00e1s informaci\u00f3n sobre Manuel Sacrist\u00e1n en los siguientes enlaces:<\/strong><\/p>\r\n<ol>\r\n<li><a href=\"https:\/\/espai-marx.net\/sacristan\/?p=1229\">Manuel Sacrist\u00e1n en la historia de las ideas<\/a>\u00a0\u2013 Francisco Fern\u00e1ndez Buey.<\/li>\r\n<li><a href=\"https:\/\/espai-marx.net\/sacristan\/?p=1233\">Dial\u00e9ctica sin dogma<\/a>\u00a0\u2013 Miguel Candel.<\/li>\r\n<li><a href=\"https:\/\/espai-marx.net\/sacristan\/?p=1227\">La filosof\u00eda como modo de vida<\/a>\u00a0\u2013 Joaqu\u00edn Miras Albarr\u00e1n.<\/li>\r\n<li><a href=\"https:\/\/espai-marx.net\/sacristan\/?p=1225\">Introducci\u00f3n biobibliogr\u00e1fica a Manuel Sacrist\u00e1n<\/a>\u00a0\u2013 Jos\u00e9 Sarri\u00f3n Andaluz.<\/li>\r\n<\/ol>\r\n","protected":false},"excerpt":{"rendered":"<p>\u00a0 Manuel Sacrist\u00e1n Luz\u00f3n (1925-1985) fue un fil\u00f3sofo, traductor y pensador marxista espa\u00f1ol, considerado una de las figuras m\u00e1s influyentes<\/p>\n","protected":false},"author":4,"featured_media":0,"parent":0,"menu_order":1,"comment_status":"closed","ping_status":"closed","template":"","meta":{"footnotes":""},"class_list":["post-22","page","type-page","status-publish","hentry"],"_links":{"self":[{"href":"https:\/\/espai-marx.net\/sacristan\/index.php?rest_route=\/wp\/v2\/pages\/22","targetHints":{"allow":["GET"]}}],"collection":[{"href":"https:\/\/espai-marx.net\/sacristan\/index.php?rest_route=\/wp\/v2\/pages"}],"about":[{"href":"https:\/\/espai-marx.net\/sacristan\/index.php?rest_route=\/wp\/v2\/types\/page"}],"author":[{"embeddable":true,"href":"https:\/\/espai-marx.net\/sacristan\/index.php?rest_route=\/wp\/v2\/users\/4"}],"replies":[{"embeddable":true,"href":"https:\/\/espai-marx.net\/sacristan\/index.php?rest_route=%2Fwp%2Fv2%2Fcomments&post=22"}],"version-history":[{"count":3,"href":"https:\/\/espai-marx.net\/sacristan\/index.php?rest_route=\/wp\/v2\/pages\/22\/revisions"}],"predecessor-version":[{"id":1239,"href":"https:\/\/espai-marx.net\/sacristan\/index.php?rest_route=\/wp\/v2\/pages\/22\/revisions\/1239"}],"wp:attachment":[{"href":"https:\/\/espai-marx.net\/sacristan\/index.php?rest_route=%2Fwp%2Fv2%2Fmedia&parent=22"}],"curies":[{"name":"wp","href":"https:\/\/api.w.org\/{rel}","templated":true}]}}