{"id":1943,"date":"2025-11-11T17:01:10","date_gmt":"2025-11-11T16:01:10","guid":{"rendered":"https:\/\/espai-marx.net\/sacristan\/?post_type=tribe_events&#038;p=1943"},"modified":"2025-11-11T17:01:57","modified_gmt":"2025-11-11T16:01:57","slug":"jornadas-memoria-y-vigencia-de-manuel-sacristan-en-barcelona","status":"publish","type":"tribe_events","link":"https:\/\/espai-marx.net\/sacristan\/?tribe_events=jornadas-memoria-y-vigencia-de-manuel-sacristan-en-barcelona","title":{"rendered":"Jornadas \u00abMemoria y vigencia de Manuel Sacrist\u00e1n\u00bb en Barcelona"},"content":{"rendered":"<p data-start=\"136\" data-end=\"472\"><strong data-start=\"136\" data-end=\"178\">Mem\u00f2ria i vig\u00e8ncia de Manuel Sacrist\u00e1n<\/strong> \u00e9s un cicle de dues sessions dedicat a revisitar el pensament, l\u2019obra i l\u2019actualitat intel\u00b7lectual de Manuel Sacrist\u00e1n des de diferents mirades acad\u00e8miques i cr\u00edtiques. L\u2019acte est\u00e0 organitzat per la <strong data-start=\"378\" data-end=\"402\">Fundaci\u00f3 Neus Catal\u00e0<\/strong>, el grup de recerca <strong data-start=\"423\" data-end=\"437\">GRECS (UB)<\/strong> i la <strong data-start=\"443\" data-end=\"471\">Universitat de Barcelona<\/strong>.<\/p>\n<p data-start=\"474\" data-end=\"642\">Les jornades tindran lloc els dies <strong data-start=\"509\" data-end=\"530\">2 i 3 de desembre<\/strong> a la <strong data-start=\"536\" data-end=\"569\">Sala Jane Addams (UB \u2013 Raval)<\/strong> i comptaran amb la participaci\u00f3 d\u2019especialistes de diverses disciplines.<\/p>\n<p data-start=\"644\" data-end=\"891\">El <strong data-start=\"647\" data-end=\"664\">2 de desembre<\/strong>, despr\u00e9s de la presentaci\u00f3 a c\u00e0rrec de <strong data-start=\"704\" data-end=\"722\">Manuel Delgado<\/strong> i <strong data-start=\"725\" data-end=\"742\">Ricard Ribera<\/strong>, intervindran:<br data-start=\"757\" data-end=\"760\" \/>\u2014 <strong data-start=\"762\" data-end=\"783\">Jos\u00e9 D\u00edez Calzada<\/strong><br data-start=\"783\" data-end=\"786\" \/>\u2014 <strong data-start=\"788\" data-end=\"805\">Luc\u00eda Aliagas<\/strong><br data-start=\"805\" data-end=\"808\" \/>\u2014 <strong data-start=\"810\" data-end=\"831\">Roger Castellanos<\/strong><br data-start=\"831\" data-end=\"834\" \/>\u2014 <strong data-start=\"836\" data-end=\"853\">Sof\u00eda Lorenzo<\/strong><br data-start=\"853\" data-end=\"856\" \/>\u2014 <strong data-start=\"858\" data-end=\"871\">Jordi Mir<\/strong><br data-start=\"871\" data-end=\"874\" \/>\u2014 <strong data-start=\"876\" data-end=\"891\">V\u00edctor R\u00edos<\/strong><\/p>\n<p data-start=\"893\" data-end=\"1083\">El <strong data-start=\"896\" data-end=\"913\">3 de desembre<\/strong>, la sessi\u00f3 \u201cCi\u00e8ncia, marxisme, ecologia i pacifisme\u201d reunir\u00e0:<br data-start=\"975\" data-end=\"978\" \/>\u2014 <strong data-start=\"980\" data-end=\"1008\">Manuel Garc\u00eda-Carpintero<\/strong><br data-start=\"1008\" data-end=\"1011\" \/>\u2014 <strong data-start=\"1013\" data-end=\"1032\">Joaquim Sempere<\/strong><br data-start=\"1032\" data-end=\"1035\" \/>\u2014 <strong data-start=\"1037\" data-end=\"1059\">Jos\u00e9 Luis Gordillo<\/strong><br data-start=\"1059\" data-end=\"1062\" \/>\u2014 <strong data-start=\"1064\" data-end=\"1083\">Cristina Bedmar<\/strong><\/p>\n<p data-start=\"1085\" data-end=\"1189\" data-is-last-node=\"\" data-is-only-node=\"\">Un espai per reflexionar sobre el llegat de Sacrist\u00e1n i la seva rellev\u00e0ncia en els debats contemporanis.<\/p>\n","protected":false},"excerpt":{"rendered":"<p>Mem\u00f2ria i vig\u00e8ncia de Manuel Sacrist\u00e1n \u00e9s un cicle de dues sessions dedicat a revisitar el pensament, l\u2019obra i l\u2019actualitat<\/p>\n","protected":false},"author":4,"featured_media":1944,"template":"","meta":{"_tribe_events_status":"","_tribe_events_status_reason":"","footnotes":""},"tags":[],"tribe_events_cat":[],"class_list":["post-1943","tribe_events","type-tribe_events","status-publish","has-post-thumbnail","hentry"],"_links":{"self":[{"href":"https:\/\/espai-marx.net\/sacristan\/index.php?rest_route=\/wp\/v2\/tribe_events\/1943","targetHints":{"allow":["GET"]}}],"collection":[{"href":"https:\/\/espai-marx.net\/sacristan\/index.php?rest_route=\/wp\/v2\/tribe_events"}],"about":[{"href":"https:\/\/espai-marx.net\/sacristan\/index.php?rest_route=\/wp\/v2\/types\/tribe_events"}],"author":[{"embeddable":true,"href":"https:\/\/espai-marx.net\/sacristan\/index.php?rest_route=\/wp\/v2\/users\/4"}],"version-history":[{"count":1,"href":"https:\/\/espai-marx.net\/sacristan\/index.php?rest_route=\/wp\/v2\/tribe_events\/1943\/revisions"}],"predecessor-version":[{"id":1945,"href":"https:\/\/espai-marx.net\/sacristan\/index.php?rest_route=\/wp\/v2\/tribe_events\/1943\/revisions\/1945"}],"wp:featuredmedia":[{"embeddable":true,"href":"https:\/\/espai-marx.net\/sacristan\/index.php?rest_route=\/wp\/v2\/media\/1944"}],"wp:attachment":[{"href":"https:\/\/espai-marx.net\/sacristan\/index.php?rest_route=%2Fwp%2Fv2%2Fmedia&parent=1943"}],"wp:term":[{"taxonomy":"post_tag","embeddable":true,"href":"https:\/\/espai-marx.net\/sacristan\/index.php?rest_route=%2Fwp%2Fv2%2Ftags&post=1943"},{"taxonomy":"tribe_events_cat","embeddable":true,"href":"https:\/\/espai-marx.net\/sacristan\/index.php?rest_route=%2Fwp%2Fv2%2Ftribe_events_cat&post=1943"}],"curies":[{"name":"wp","href":"https:\/\/api.w.org\/{rel}","templated":true}]}}